{"id":3354,"date":"2020-05-20T14:28:17","date_gmt":"2020-05-20T14:28:17","guid":{"rendered":"https:\/\/etfsantpau.com\/dora-ortiz\/"},"modified":"2022-04-27T11:29:42","modified_gmt":"2022-04-27T11:29:42","slug":"dora-ortiz","status":"publish","type":"page","link":"https:\/\/etfsantpau.com\/ca\/dora-ortiz\/","title":{"rendered":"Dora Ortiz"},"content":{"rendered":"<p>[et_pb_section fb_built=&#8221;1&#8243; _builder_version=&#8221;3.17.6&#8243; background_color=&#8221;#d31827&#8243; custom_padding=&#8221;25px|0px|8px|0px|false|false&#8221;][et_pb_row _builder_version=&#8221;3.17.6&#8243; background_size=&#8221;initial&#8221; background_position=&#8221;top_left&#8221; background_repeat=&#8221;repeat&#8221;][et_pb_column type=&#8221;4_4&#8243; _builder_version=&#8221;3.0.47&#8243; parallax=&#8221;off&#8221; parallax_method=&#8221;on&#8221;][et_pb_text _builder_version=&#8221;3.17.6&#8243; inline_fonts=&#8221;Georgia&#8221;]<\/p>\n<h1><span style=\"color: #ffffff;\"><strong><span style=\"font-family: Georgia;\">Dora<\/span> <span style=\"font-family: Georgia;\">Ortiz<\/span><\/strong><\/span><\/h1>\n<p>[\/et_pb_text][\/et_pb_column][\/et_pb_row][\/et_pb_section][et_pb_section fb_built=&#8221;1&#8243; _builder_version=&#8221;3.0.47&#8243;][et_pb_row _builder_version=&#8221;3.0.48&#8243; background_size=&#8221;initial&#8221; background_position=&#8221;top_left&#8221; background_repeat=&#8221;repeat&#8221;][et_pb_column type=&#8221;1_4&#8243; _builder_version=&#8221;3.0.47&#8243; parallax=&#8221;off&#8221; parallax_method=&#8221;on&#8221;][et_pb_image src=&#8221;https:\/\/etfsantpau.com\/wp-content\/uploads\/2020\/05\/11.png&#8221; _builder_version=&#8221;3.17.6&#8243;][\/et_pb_image][\/et_pb_column][et_pb_column type=&#8221;3_4&#8243; _builder_version=&#8221;3.0.47&#8243; parallax=&#8221;off&#8221; parallax_method=&#8221;on&#8221;][et_pb_text _builder_version=&#8221;3.17.6&#8243;]<\/p>\n<p><span>Llicenciada en psicologia per la Universitat de Barcelona (UB). \u2022 T\u00edtol Oficial de Psic\u00f2loga Especialista en Psicologia Cl\u00ednica \u2022 M\u00e0ster en Ter\u00e0pia familiar Sist\u00e8mica per la Universitat Aut\u00f2noma de Barcelona (UAB). \u2022 Psicoterapeuta familiar i de parella i Docent acreditada per la Federaci\u00f3 Espanyola d&#8217;Associacions de Ter\u00e0pia Familiar (FEATF) mitjan\u00e7ant la Societat Catalana de Ter\u00e0pia Familiar (SCTF) i per la Federaci\u00f3 Espanyola d&#8217;Associacions de Psicoterapeutes (FEAP). Membre de la Societat Europea de Ter\u00e0pia Familiar (EFTA) Docent a l&#8217;Escola de Ter\u00e0pia Familiar de Sant Pau de Barcelona. \u2022 Docent a l&#8217;Escola Basc Navarra de Ter\u00e0pia Familiar EVNTF \u2022 Supervisora cl\u00ednica a diferents Centres de Salut Mental per a Adults (CESMA). \u2022 Pr\u00e0ctica privada de la psicologia cl\u00ednica (ter\u00e0pia individual, de parella i fam\u00edlies). \u2022 \u00c0mplia experi\u00e8ncia en l&#8217;\u00e0mbit de les toxicomanies, la viol\u00e8ncia dom\u00e8stica i la psicosi. \u2022 Coautora del llibre Entre l&#8217;amor i l&#8217;odi E. S\u00edntesi. \u2022 coparticipaci\u00f3 al llibre \u201cTer\u00e0pia familiar de les psicosis\u201d de Juan Lu\u00eds Linares, Ed. Morata.<\/span><\/p>\n<p><span class=\"lt-line-clamp__raw-line cc_cursor\">30 anys d&#8217;experi\u00e8ncia a l&#8217;\u00e0mbit de la salut mental: toxicom\u00e0nies, alcoholisme, viol\u00e8ncia dom\u00e8stica, psicosi.<br \/>\u00c0mplia formaci\u00f3 en el model sist\u00e8mic i humanista integratiu.<br \/>Actualment:<br \/>Ter\u00e0pia individual, de parella i familiar a consulta privada<br \/>Docent a l&#8217;Escola de Ter\u00e0pia Familiar de l&#8217;Hospital de Santa Creu i Sant Pau de Barcelona.<br \/>Docent on-line a la \u00abFormaci\u00f3 en Ter\u00e0pia Familiar i Intervencions Sist\u00e8miques\u00bb, organitzat per l&#8217;Escola Basc Navarra de Ter\u00e0pia Familiar (EVNTF). Supervisora a Centres de Salut Mental<\/span><span> <\/span><\/p>\n<p>[\/et_pb_text][\/et_pb_column][\/et_pb_row][\/et_pb_section]<\/p>\n","protected":false},"excerpt":{"rendered":"<p>Dora Ortiz Llicenciada en psicologia per la Universitat de Barcelona (UB). \u2022 T\u00edtol Oficial de Psic\u00f2loga Especialista en Psicologia Cl\u00ednica \u2022 M\u00e0ster en Ter\u00e0pia familiar Sist\u00e8mica per la Universitat Aut\u00f2noma de Barcelona (UAB). \u2022 Psicoterapeuta familiar i de parella i Docent acreditada per la Federaci\u00f3 Espanyola d&#8217;Associacions de Ter\u00e0pia Familiar (FEATF) mitjan\u00e7ant la Societat Catalana [&hellip;]<\/p>\n","protected":false},"author":2,"featured_media":0,"parent":0,"menu_order":0,"comment_status":"closed","ping_status":"closed","template":"","meta":{"_et_pb_use_builder":"on","_et_pb_old_content":"","_et_gb_content_width":"","footnotes":""},"class_list":["post-3354","page","type-page","status-publish","hentry"],"_links":{"self":[{"href":"https:\/\/etfsantpau.com\/ca\/wp-json\/wp\/v2\/pages\/3354","targetHints":{"allow":["GET"]}}],"collection":[{"href":"https:\/\/etfsantpau.com\/ca\/wp-json\/wp\/v2\/pages"}],"about":[{"href":"https:\/\/etfsantpau.com\/ca\/wp-json\/wp\/v2\/types\/page"}],"author":[{"embeddable":true,"href":"https:\/\/etfsantpau.com\/ca\/wp-json\/wp\/v2\/users\/2"}],"replies":[{"embeddable":true,"href":"https:\/\/etfsantpau.com\/ca\/wp-json\/wp\/v2\/comments?post=3354"}],"version-history":[{"count":2,"href":"https:\/\/etfsantpau.com\/ca\/wp-json\/wp\/v2\/pages\/3354\/revisions"}],"predecessor-version":[{"id":3356,"href":"https:\/\/etfsantpau.com\/ca\/wp-json\/wp\/v2\/pages\/3354\/revisions\/3356"}],"wp:attachment":[{"href":"https:\/\/etfsantpau.com\/ca\/wp-json\/wp\/v2\/media?parent=3354"}],"curies":[{"name":"wp","href":"https:\/\/api.w.org\/{rel}","templated":true}]}}